{"id":7791,"date":"2020-04-27T11:24:59","date_gmt":"2020-04-27T09:24:59","guid":{"rendered":"https:\/\/www.lak-vorarlberg.at\/?page_id=7791"},"modified":"2026-04-20T13:27:06","modified_gmt":"2026-04-20T11:27:06","slug":"funktionare","status":"publish","type":"page","link":"https:\/\/www.lak-vorarlberg.at\/index.php\/funktionare\/","title":{"rendered":"Funktion\u00e4re"},"content":{"rendered":"<div id=\"pl-gb7791-69f51094a7687\"  class=\"panel-layout wp-block-siteorigin-panels-layout-block\" ><div id=\"pg-gb7791-69f51094a7687-0\"  class=\"panel-grid panel-no-style\" ><div id=\"pgc-gb7791-69f51094a7687-0-0\"  class=\"panel-grid-cell\" ><div id=\"panel-gb7791-69f51094a7687-0-0-0\" class=\"so-panel widget widget_black-studio-tinymce widget_black_studio_tinymce panel-first-child panel-last-child\" data-index=\"0\" ><h3 class=\"widget-title\"><span class=\"light\">Sektionsversammlung<\/span><\/h3><div class=\"textwidget\"><p><span style=\"color: #000000; font-size: 14pt;\">Die Sektionsversammlung der land- und forstwirtschaftlichen Dienstnehmer\u00a0<\/span><span style=\"color: #000000; font-size: 14pt;\">setzt sich aus f\u00fcnf gew\u00e4hlten Funktion\u00e4ren zusammen:<\/span><\/p>\n<\/div><\/div><\/div><\/div><div id=\"pg-gb7791-69f51094a7687-1\"  class=\"panel-grid panel-no-style\" ><div id=\"pgc-gb7791-69f51094a7687-1-0\"  class=\"panel-grid-cell\" ><div id=\"panel-gb7791-69f51094a7687-1-0-0\" class=\"so-panel widget widget_media_image panel-first-child panel-last-child\" data-index=\"1\" ><div class=\"text-center panel-widget-style panel-widget-style-for-gb7791-69f51094a7687-1-0-0\" ><img loading=\"lazy\" decoding=\"async\" width=\"1024\" height=\"768\" src=\"https:\/\/www.lak-vorarlberg.at\/wp-content\/uploads\/2026\/04\/Schlachter-Elisa-zugeschnitten-1024x768.jpg\" class=\"image wp-image-12797  attachment-large size-large no-lazy\" alt=\"\" style=\"max-width: 100%; height: auto;\" srcset=\"https:\/\/www.lak-vorarlberg.at\/wp-content\/uploads\/2026\/04\/Schlachter-Elisa-zugeschnitten-1024x768.jpg 1024w, https:\/\/www.lak-vorarlberg.at\/wp-content\/uploads\/2026\/04\/Schlachter-Elisa-zugeschnitten-300x225.jpg 300w, https:\/\/www.lak-vorarlberg.at\/wp-content\/uploads\/2026\/04\/Schlachter-Elisa-zugeschnitten-768x576.jpg 768w, https:\/\/www.lak-vorarlberg.at\/wp-content\/uploads\/2026\/04\/Schlachter-Elisa-zugeschnitten-1536x1152.jpg 1536w, https:\/\/www.lak-vorarlberg.at\/wp-content\/uploads\/2026\/04\/Schlachter-Elisa-zugeschnitten-2048x1536.jpg 2048w\" sizes=\"auto, (max-width: 1024px) 100vw, 1024px\" \/><\/div><\/div><\/div><div id=\"pgc-gb7791-69f51094a7687-1-1\"  class=\"panel-grid-cell panel-grid-cell-empty panel-grid-cell-mobile-last\" ><\/div><div id=\"pgc-gb7791-69f51094a7687-1-2\"  class=\"panel-grid-cell panel-grid-cell-empty\" ><\/div><\/div><div id=\"pg-gb7791-69f51094a7687-2\"  class=\"panel-grid panel-has-style\" ><div class=\"panel-row-style panel-row-style-for-gb7791-69f51094a7687-2\" ><div id=\"pgc-gb7791-69f51094a7687-2-0\"  class=\"panel-grid-cell\" ><div id=\"panel-gb7791-69f51094a7687-2-0-0\" class=\"so-panel widget widget_black-studio-tinymce widget_black_studio_tinymce panel-first-child panel-last-child\" data-index=\"2\" ><div class=\"panel-widget-style panel-widget-style-for-gb7791-69f51094a7687-2-0-0\" ><div class=\"textwidget\"><h2 style=\"text-align: center;\"><strong><span style=\"font-size: 18pt;\">Elisa Schlachter<\/span><\/strong><\/h2>\n<p style=\"text-align: center;\"><strong><span style=\"color: #a2c046; font-size: 18pt;\">Vizepr\u00e4sidentin<\/span><\/strong><\/p>\n<p><strong><span style=\"font-size: 14pt;\"><span style=\"color: #333333;\">Facharbeiterin Gartenbau, <\/span><span style=\"color: #333333;\">Jg. 1993<\/span><\/span><\/strong><br><strong><span style=\"font-size: 14pt;\"><span style=\"color: #333333;\">Wohnort: Lochau<\/span><\/span><\/strong><\/p>\n<p><strong><span style=\"font-size: 14pt;\"><span style=\"color: #333333;\">mail: e.schlachter@hotmail.com<\/span><\/span><\/strong><\/p><\/div><\/div><\/div><\/div><div id=\"pgc-gb7791-69f51094a7687-2-1\"  class=\"panel-grid-cell panel-grid-cell-empty panel-grid-cell-mobile-last\" ><\/div><div id=\"pgc-gb7791-69f51094a7687-2-2\"  class=\"panel-grid-cell panel-grid-cell-empty\" ><\/div><\/div><\/div><div id=\"pg-gb7791-69f51094a7687-3\"  class=\"panel-grid panel-no-style\" ><div id=\"pgc-gb7791-69f51094a7687-3-0\"  class=\"panel-grid-cell\" ><div id=\"panel-gb7791-69f51094a7687-3-0-0\" class=\"so-panel widget widget_media_image panel-first-child panel-last-child\" data-index=\"3\" ><a href=\"https:\/\/www.lak-vorarlberg.at\/wp-content\/uploads\/2026\/04\/Terzer-Siegfried-zugeschnitten.jpg\"><img loading=\"lazy\" decoding=\"async\" width=\"1024\" height=\"768\" src=\"https:\/\/www.lak-vorarlberg.at\/wp-content\/uploads\/2026\/04\/Terzer-Siegfried-zugeschnitten-1024x768.jpg\" class=\"image wp-image-12796  attachment-large size-large no-lazy\" alt=\"\" style=\"max-width: 100%; height: auto;\" srcset=\"https:\/\/www.lak-vorarlberg.at\/wp-content\/uploads\/2026\/04\/Terzer-Siegfried-zugeschnitten-1024x768.jpg 1024w, https:\/\/www.lak-vorarlberg.at\/wp-content\/uploads\/2026\/04\/Terzer-Siegfried-zugeschnitten-300x225.jpg 300w, https:\/\/www.lak-vorarlberg.at\/wp-content\/uploads\/2026\/04\/Terzer-Siegfried-zugeschnitten-768x576.jpg 768w, https:\/\/www.lak-vorarlberg.at\/wp-content\/uploads\/2026\/04\/Terzer-Siegfried-zugeschnitten-1536x1152.jpg 1536w, https:\/\/www.lak-vorarlberg.at\/wp-content\/uploads\/2026\/04\/Terzer-Siegfried-zugeschnitten-2048x1536.jpg 2048w\" sizes=\"auto, (max-width: 1024px) 100vw, 1024px\" \/><\/a><\/div><\/div><div id=\"pgc-gb7791-69f51094a7687-3-1\"  class=\"panel-grid-cell panel-grid-cell-empty\" ><\/div><div id=\"pgc-gb7791-69f51094a7687-3-2\"  class=\"panel-grid-cell\" ><div id=\"panel-gb7791-69f51094a7687-3-2-0\" class=\"so-panel widget widget_media_image panel-first-child panel-last-child\" data-index=\"4\" ><img loading=\"lazy\" decoding=\"async\" width=\"1024\" height=\"768\" src=\"https:\/\/www.lak-vorarlberg.at\/wp-content\/uploads\/2026\/04\/Kaufmann-Thomas_zugeschnitten-1024x768.jpg\" class=\"image wp-image-12799  attachment-large size-large no-lazy\" alt=\"\" style=\"max-width: 100%; height: auto;\" srcset=\"https:\/\/www.lak-vorarlberg.at\/wp-content\/uploads\/2026\/04\/Kaufmann-Thomas_zugeschnitten-1024x768.jpg 1024w, https:\/\/www.lak-vorarlberg.at\/wp-content\/uploads\/2026\/04\/Kaufmann-Thomas_zugeschnitten-300x225.jpg 300w, https:\/\/www.lak-vorarlberg.at\/wp-content\/uploads\/2026\/04\/Kaufmann-Thomas_zugeschnitten-768x576.jpg 768w, https:\/\/www.lak-vorarlberg.at\/wp-content\/uploads\/2026\/04\/Kaufmann-Thomas_zugeschnitten-1536x1152.jpg 1536w, https:\/\/www.lak-vorarlberg.at\/wp-content\/uploads\/2026\/04\/Kaufmann-Thomas_zugeschnitten-2048x1536.jpg 2048w\" sizes=\"auto, (max-width: 1024px) 100vw, 1024px\" \/><\/div><\/div><\/div><div id=\"pg-gb7791-69f51094a7687-4\"  class=\"panel-grid panel-no-style\" ><div id=\"pgc-gb7791-69f51094a7687-4-0\"  class=\"panel-grid-cell\" ><div id=\"panel-gb7791-69f51094a7687-4-0-0\" class=\"so-panel widget widget_black-studio-tinymce widget_black_studio_tinymce panel-first-child panel-last-child\" data-index=\"5\" ><div class=\"panel-widget-style panel-widget-style-for-gb7791-69f51094a7687-4-0-0\" ><div class=\"textwidget\"><h2 style=\"text-align: center;\"><strong><span style=\"font-size: 18pt;\">DI Siegfried Terzer<\/span><\/strong><\/h2>\n<p style=\"text-align: center;\"><strong><span style=\"color: #a2c046; font-size: 18pt;\">Kammerrat<\/span><\/strong><\/p>\n<p style=\"text-align: left;\"><span style=\"font-size: 14pt;\"><strong>Forstbetriebsf\u00fchrer, Jg. 1965<\/strong><\/span><br><span style=\"font-size: 14pt;\"><strong>Wohnort: G\u00f6fis<\/strong><\/span><\/p>\n<p><strong><span style=\"font-size: 14pt;\"><span style=\"color: #333333;\">mail: <\/span><\/span><\/strong><strong><span style=\"font-size: 14pt;\"><span style=\"color: #333333;\">terzer@agrar-nenzing.at<\/span><\/span><\/strong><\/p><\/div><\/div><\/div><\/div><div id=\"pgc-gb7791-69f51094a7687-4-1\"  class=\"panel-grid-cell panel-grid-cell-empty\" ><\/div><div id=\"pgc-gb7791-69f51094a7687-4-2\"  class=\"panel-grid-cell\" ><div id=\"panel-gb7791-69f51094a7687-4-2-0\" class=\"so-panel widget widget_black-studio-tinymce widget_black_studio_tinymce panel-first-child panel-last-child\" data-index=\"6\" ><div class=\"panel-widget-style panel-widget-style-for-gb7791-69f51094a7687-4-2-0\" ><div class=\"textwidget\"><h2 style=\"text-align: center;\"><strong><span style=\"font-size: 18pt;\">Thomas Kaufmann<\/span><\/strong><\/h2>\n<p style=\"text-align: center;\"><strong><span style=\"color: #a2c046; font-size: 18pt;\">Kammerrat<\/span><\/strong><\/p>\n<p><strong><span style=\"font-size: 14pt;\"><span style=\"color: #333333;\">Meistersenn, <\/span><span style=\"color: #333333;\">Jg. 1968<\/span><\/span><\/strong><br><strong><span style=\"font-size: 14pt;\"><span style=\"color: #333333;\">Wohnort: Nenzing-Beschling<br><\/span><\/span><\/strong><\/p>\n<p><strong><span style=\"font-size: 14pt;\"><span style=\"color: #333333;\"><span style=\"font-size: 14pt;\">mail: <\/span><\/span><\/span><\/strong><strong><span style=\"font-size: 14pt;\"><span style=\"color: #333333;\"><span style=\"font-size: 14pt;\">thomas.kaufmann@dorfsennerei.at<\/span><\/span><\/span><\/strong><\/p><\/div><\/div><\/div><\/div><\/div><div id=\"pg-gb7791-69f51094a7687-5\"  class=\"panel-grid panel-no-style\" ><div id=\"pgc-gb7791-69f51094a7687-5-0\"  class=\"panel-grid-cell\" ><div id=\"panel-gb7791-69f51094a7687-5-0-0\" class=\"so-panel widget widget_media_image panel-first-child panel-last-child\" data-index=\"7\" ><div class=\"text-center panel-widget-style panel-widget-style-for-gb7791-69f51094a7687-5-0-0\" ><img loading=\"lazy\" decoding=\"async\" width=\"1024\" height=\"768\" src=\"https:\/\/www.lak-vorarlberg.at\/wp-content\/uploads\/2026\/04\/Waldner-Theodul_zugeschnitten-1024x768.jpg\" class=\"image wp-image-12795  attachment-large size-large no-lazy\" alt=\"\" style=\"max-width: 100%; height: auto;\" srcset=\"https:\/\/www.lak-vorarlberg.at\/wp-content\/uploads\/2026\/04\/Waldner-Theodul_zugeschnitten-1024x768.jpg 1024w, https:\/\/www.lak-vorarlberg.at\/wp-content\/uploads\/2026\/04\/Waldner-Theodul_zugeschnitten-300x225.jpg 300w, https:\/\/www.lak-vorarlberg.at\/wp-content\/uploads\/2026\/04\/Waldner-Theodul_zugeschnitten-768x576.jpg 768w, https:\/\/www.lak-vorarlberg.at\/wp-content\/uploads\/2026\/04\/Waldner-Theodul_zugeschnitten-1536x1152.jpg 1536w, https:\/\/www.lak-vorarlberg.at\/wp-content\/uploads\/2026\/04\/Waldner-Theodul_zugeschnitten-2048x1536.jpg 2048w\" sizes=\"auto, (max-width: 1024px) 100vw, 1024px\" \/><\/div><\/div><\/div><div id=\"pgc-gb7791-69f51094a7687-5-1\"  class=\"panel-grid-cell panel-grid-cell-empty\" ><\/div><div id=\"pgc-gb7791-69f51094a7687-5-2\"  class=\"panel-grid-cell\" ><div id=\"panel-gb7791-69f51094a7687-5-2-0\" class=\"so-panel widget widget_media_image panel-first-child panel-last-child\" data-index=\"8\" ><img loading=\"lazy\" decoding=\"async\" width=\"1024\" height=\"768\" src=\"https:\/\/www.lak-vorarlberg.at\/wp-content\/uploads\/2026\/04\/Noeckl-Elmar-zugeschnitten-1024x768.jpg\" class=\"image wp-image-12798  attachment-large size-large no-lazy\" alt=\"\" style=\"max-width: 100%; height: auto;\" srcset=\"https:\/\/www.lak-vorarlberg.at\/wp-content\/uploads\/2026\/04\/Noeckl-Elmar-zugeschnitten-1024x768.jpg 1024w, https:\/\/www.lak-vorarlberg.at\/wp-content\/uploads\/2026\/04\/Noeckl-Elmar-zugeschnitten-300x225.jpg 300w, https:\/\/www.lak-vorarlberg.at\/wp-content\/uploads\/2026\/04\/Noeckl-Elmar-zugeschnitten-768x576.jpg 768w, https:\/\/www.lak-vorarlberg.at\/wp-content\/uploads\/2026\/04\/Noeckl-Elmar-zugeschnitten-1536x1152.jpg 1536w, https:\/\/www.lak-vorarlberg.at\/wp-content\/uploads\/2026\/04\/Noeckl-Elmar-zugeschnitten-2048x1536.jpg 2048w\" sizes=\"auto, (max-width: 1024px) 100vw, 1024px\" \/><\/div><\/div><\/div><div id=\"pg-gb7791-69f51094a7687-6\"  class=\"panel-grid panel-no-style\" ><div id=\"pgc-gb7791-69f51094a7687-6-0\"  class=\"panel-grid-cell\" ><div id=\"panel-gb7791-69f51094a7687-6-0-0\" class=\"so-panel widget widget_black-studio-tinymce widget_black_studio_tinymce panel-first-child panel-last-child\" data-index=\"9\" ><div class=\"panel-widget-style panel-widget-style-for-gb7791-69f51094a7687-6-0-0\" ><div class=\"textwidget\"><h2 style=\"text-align: center;\"><strong><span style=\"font-size: 18pt;\">Theodul Waldner<\/span><\/strong><\/h2>\n<p style=\"text-align: center;\"><strong><span style=\"color: #a2c046; font-size: 18pt;\">Kammerrat<\/span><\/strong><\/p>\n<p><strong><span style=\"font-size: 14pt;\"><span style=\"color: #333333;\">Berufsj\u00e4ger, <\/span><span style=\"color: #333333;\">Jg. 1984<\/span><\/span><\/strong><br><strong><span style=\"font-size: 14pt;\"><span style=\"color: #333333;\">Wohnort: Egg<\/span><\/span><\/strong><\/p>\n<p><strong><span style=\"font-size: 14pt;\"><span style=\"color: #333333;\">mail: theodul.wald@hotmail.com<\/span><\/span><\/strong><\/p><\/div><\/div><\/div><\/div><div id=\"pgc-gb7791-69f51094a7687-6-1\"  class=\"panel-grid-cell panel-grid-cell-empty\" ><\/div><div id=\"pgc-gb7791-69f51094a7687-6-2\"  class=\"panel-grid-cell\" ><div id=\"panel-gb7791-69f51094a7687-6-2-0\" class=\"so-panel widget widget_black-studio-tinymce widget_black_studio_tinymce panel-first-child panel-last-child\" data-index=\"10\" ><div class=\"panel-widget-style panel-widget-style-for-gb7791-69f51094a7687-6-2-0\" ><div class=\"textwidget\"><h2 style=\"text-align: center;\"><strong><span style=\"font-size: 18pt;\">Ing. Elmar N\u00f6ckl<\/span><\/strong><\/h2>\n<p style=\"text-align: center;\"><strong><span style=\"color: #a2c046; font-size: 18pt;\">Kammerrat<\/span><\/strong><\/p>\n<p><strong><span style=\"font-size: 14pt;\"><span style=\"color: #333333;\">Fortbetriebsleiter, Jg. 1976<\/span><\/span><\/strong><br \/><strong><span style=\"font-size: 14pt;\"><span style=\"color: #333333;\">Wohnort: Feldkirch<br \/><\/span><\/span><\/strong><\/p>\n<p><strong><span style=\"font-size: 14pt;\"><span style=\"color: #333333;\">mail: elmar.noeckl@feldkirch.at<\/span><\/span><\/strong><\/p><\/div><\/div><\/div><\/div><\/div><\/div>\n\n<div id=\"pl-gb7791-69f51094b3aee\"  class=\"panel-layout\" ><div id=\"pg-gb7791-69f51094b3aee-0\"  class=\"panel-grid panel-no-style\" ><div id=\"pgc-gb7791-69f51094b3aee-0-0\"  class=\"panel-grid-cell\" ><div id=\"panel-gb7791-69f51094b3aee-0-0-0\" class=\"so-panel widget widget_sow-editor panel-first-child panel-last-child\" data-index=\"0\" ><div\n\t\t\t\n\t\t\tclass=\"so-widget-sow-editor so-widget-sow-editor-base\"\n\t\t\t\n\t\t>\n<div class=\"siteorigin-widget-tinymce textwidget\">\n\t<p>&nbsp;<\/p>\n<p><em>alle Fotos: 7PRO TV<\/em><\/p>\n<\/div>\n<\/div><\/div><\/div><\/div><\/div>","protected":false},"excerpt":{"rendered":"<p>Die Sektionsversammlung der land- und forstwirtschaftlichen Dienstnehmer\u00a0setzt sich aus f\u00fcnf gew\u00e4hlten Funktion\u00e4ren zusammen:<\/p>\n","protected":false},"author":2,"featured_media":0,"parent":0,"menu_order":0,"comment_status":"closed","ping_status":"closed","template":"","meta":{"ngg_post_thumbnail":0,"footnotes":""},"class_list":["post-7791","page","type-page","status-publish","hentry"],"_links":{"self":[{"href":"https:\/\/www.lak-vorarlberg.at\/index.php\/wp-json\/wp\/v2\/pages\/7791","targetHints":{"allow":["GET"]}}],"collection":[{"href":"https:\/\/www.lak-vorarlberg.at\/index.php\/wp-json\/wp\/v2\/pages"}],"about":[{"href":"https:\/\/www.lak-vorarlberg.at\/index.php\/wp-json\/wp\/v2\/types\/page"}],"author":[{"embeddable":true,"href":"https:\/\/www.lak-vorarlberg.at\/index.php\/wp-json\/wp\/v2\/users\/2"}],"replies":[{"embeddable":true,"href":"https:\/\/www.lak-vorarlberg.at\/index.php\/wp-json\/wp\/v2\/comments?post=7791"}],"version-history":[{"count":115,"href":"https:\/\/www.lak-vorarlberg.at\/index.php\/wp-json\/wp\/v2\/pages\/7791\/revisions"}],"predecessor-version":[{"id":12827,"href":"https:\/\/www.lak-vorarlberg.at\/index.php\/wp-json\/wp\/v2\/pages\/7791\/revisions\/12827"}],"wp:attachment":[{"href":"https:\/\/www.lak-vorarlberg.at\/index.php\/wp-json\/wp\/v2\/media?parent=7791"}],"curies":[{"name":"wp","href":"https:\/\/api.w.org\/{rel}","templated":true}]}}