{"id":7694,"date":"2020-04-24T17:38:37","date_gmt":"2020-04-24T15:38:37","guid":{"rendered":"https:\/\/www.lak-vorarlberg.at\/?page_id=7694"},"modified":"2026-02-06T11:07:46","modified_gmt":"2026-02-06T10:07:46","slug":"forderungen","status":"publish","type":"page","link":"https:\/\/www.lak-vorarlberg.at\/index.php\/forderungen\/","title":{"rendered":"F\u00f6rderungen"},"content":{"rendered":"<div id=\"pl-gb7694-69f0c1e427c80\"  class=\"panel-layout wp-block-siteorigin-panels-layout-block panel-layout\" ><div id=\"pg-gb7694-69f0c1e427c80-0\"  class=\"panel-grid panel-no-style\" ><div id=\"pgc-gb7694-69f0c1e427c80-0-0\"  class=\"panel-grid-cell\" ><div id=\"panel-gb7694-69f0c1e427c80-0-0-0\" class=\"so-panel widget widget_black-studio-tinymce widget_black_studio_tinymce panel-first-child panel-last-child\" data-index=\"0\" ><div class=\"textwidget\"><\/div><\/div><\/div><\/div><\/div>\n\n<div id=\"pl-gb7694-69f0c1e42862d\"  class=\"panel-layout wp-block-siteorigin-panels-layout-block panel-layout\" ><div id=\"pg-gb7694-69f0c1e42862d-0\"  class=\"panel-grid panel-no-style\" ><div id=\"pgc-gb7694-69f0c1e42862d-0-0\"  class=\"panel-grid-cell\" ><div id=\"panel-gb7694-69f0c1e42862d-0-0-0\" class=\"so-panel widget widget_sow-accordion panel-first-child panel-last-child\" data-index=\"0\" ><div\n\t\t\t\n\t\t\tclass=\"so-widget-sow-accordion so-widget-sow-accordion-default-5280fbbdd0d8-7694\"\n\t\t\t\n\t\t><h3 class=\"widget-title\">F\u00f6rderungen<\/h3><div>\n\t<div class=\"sow-accordion\">\n\t\t\t<div class=\"sow-accordion-panel\n\t\t sow-accordion-panel-open\t\t\t\"\n\t\t\t\tdata-anchor-id=\"ausbildungsbeihilfe\">\n\t\t\t\t\t<div class=\"sow-accordion-panel-header-container\" role=\"heading\" aria-level=\"2\">\n\t\t\t\t\t<div class=\"sow-accordion-panel-header\" tabindex=\"0\" role=\"button\" id=\"accordion-label-ausbildungsbeihilfe\" aria-controls=\"accordion-content-ausbildungsbeihilfe\" aria-expanded=\"true\">\n\t\t\t\t\t\t<div class=\"sow-accordion-title sow-accordion-title-icon-left\">\n\t\t\t\t\t\t\t\t\t\t\t\t\t\tAusbildungsbeihilfe \t\t\t\t\t\t\t\t\t\t\t\t\t<\/div>\n\t\t\t\t\t\t<div class=\"sow-accordion-open-close-button\">\n\t\t\t\t\t\t\t<div class=\"sow-accordion-open-button\">\n\t\t\t\t\t\t\t\t<span class=\"sow-icon-ionicons\" data-sow-icon=\"&#xf218;\"\n\t\t \n\t\taria-hidden=\"true\"><\/span>\t\t\t\t\t\t\t<\/div>\n\t\t\t\t\t\t\t<div class=\"sow-accordion-close-button\">\n\t\t\t\t\t\t\t\t<span class=\"sow-icon-ionicons\" data-sow-icon=\"&#xf209;\"\n\t\t \n\t\taria-hidden=\"true\"><\/span>\t\t\t\t\t\t\t<\/div>\n\t\t\t\t\t\t<\/div>\n\t\t\t\t\t<\/div>\n\t\t\t\t<\/div>\n\n\t\t\t<div\n\t\t\t\tclass=\"sow-accordion-panel-content\"\n\t\t\t\trole=\"region\"\n\t\t\t\taria-labelledby=\"accordion-label-ausbildungsbeihilfe\"\n\t\t\t\tid=\"accordion-content-ausbildungsbeihilfe\"\n\t\t\t\t\t\t\t>\n\t\t\t\t<div class=\"sow-accordion-panel-border\">\n\t\t\t\t\t<p>&nbsp;<\/p>\n<h3><span style=\"color: #000000;\"><strong>F<span style=\"font-weight: normal !msorm;\">\u00f6rderungsgegenstand<\/span><\/strong><\/span><\/h3>\n<p><span style=\"color: #000000;\">Besuch der Berufsschule sowie von Fachkursen und Lehrg\u00e4ngen zur Weiterbildung, sowie von Meisterkursen und dar\u00fcberhinausgehenden Kursen und Lehrg\u00e4ngen, sowie die Unterst\u00fctzung von Fachexkursionen der Fachverb\u00e4nde oder von einzelnen Kammermitgliedern.<\/span><\/p>\n<p>&nbsp;<\/p>\n<h3><span style=\"color: #000000;\"><strong>F\u00f6rderungsausma\u00df<\/strong><\/span><\/h3>\n<h3><span style=\"font-size: 14pt;\"><strong><span style=\"color: #000000;\">a) Duale Ausbildung (Lehre)<\/span><\/strong><\/span><\/h3>\n<p><span style=\"color: #000000;\">Berufsschulbesuch: 75 % der Kosten f\u00fcr Unterkunft, Verpflegung, Kursgeb\u00fchren und andere Kosten im Zusammenhang mit dem Berufsschulbesuch soweit diese nicht vom Betrieb getragen werden. Die Heimlehre wird dabei der Fremdlehre gleichgesetzt.<\/span><\/p>\n<h3><span style=\"color: #000000; font-size: 14pt;\"><strong>b) <\/strong><strong>Facharbeiterkurs<\/strong><\/span><\/h3>\n<p><span style=\"color: #000000;\">75 % der Kosten einer Weiterbildung (Kurskosten, Unterkunft, Verpflegung, Unterlagen, Exkursionen, Fahrtkosten auf Basis \u00f6ffentliche Verkehrsmittel 2. Klasse) maximal aber<\/span><\/p>\n<p><span style=\"color: #000000;\">\u20ac 750,00 je Jahr und Kurs sind an F\u00f6rderung m\u00f6glich.<\/span><\/p>\n<h3><span style=\"color: #000000; font-size: 14pt;\"><strong>c) <\/strong><strong>Meisterkurs und dar\u00fcber hinausgehende Kurse bzw. Lehrg\u00e4nge<\/strong><\/span><\/h3>\n<p><span style=\"color: #000000;\">Sollte eine F\u00f6rderung durch andere Stellen nicht oder nur zum Teil m\u00f6glich sein, kann eine Unterst\u00fctzung durch die Sektion Dienstnehmer erfolgen. Die Unterst\u00fctzung wird im Einzelfall in Abh\u00e4ngigkeit der Kosten und etwaiger Beitr\u00e4ge Dritter von der Sektionsversammlung festgelegt.<\/span><\/p>\n<p>&nbsp;<\/p>\n<p><span style=\"color: #000000;\"><strong>Ber\u00fccksichtigt werden:<\/strong> Kursgeb\u00fchren, Unterkunft und Verpflegung, Reisekosten f\u00fcr g\u00fcnstigstes \u00f6ffentliches Verkehrsmittel, Kosten f\u00fcr Lernbehelfe.<\/span><\/p>\n<p>&nbsp;<\/p>\n<p><span style=\"color: #000000;\"><strong>Nicht ber\u00fccksichtigt werden:<\/strong> Pr\u00fcfungsgeb\u00fchren &nbsp;<\/span><\/p>\n<p>&nbsp;<\/p>\n<h3><strong><a href=\"https:\/\/www.lak-vorarlberg.at\/wp-content\/uploads\/2026\/02\/2026-Ansuchen-Ausbildungsbeihilfe.pdf\">Ausbildungsbeihilfe &#8211; Formular<\/a><\/strong><\/h3>\n<p>&nbsp;<\/p>\n<p>&nbsp;<\/p>\n\t\t\t\t<\/div>\n\t\t\t<\/div>\n\t\t<\/div>\n\t\t\t<div class=\"sow-accordion-panel\n\t\t\t\t\t\"\n\t\t\t\tdata-anchor-id=\"bauen-wohnen-sanieren\">\n\t\t\t\t\t<div class=\"sow-accordion-panel-header-container\" role=\"heading\" aria-level=\"2\">\n\t\t\t\t\t<div class=\"sow-accordion-panel-header\" tabindex=\"0\" role=\"button\" id=\"accordion-label-bauen-wohnen-sanieren\" aria-controls=\"accordion-content-bauen-wohnen-sanieren\" aria-expanded=\"false\">\n\t\t\t\t\t\t<div class=\"sow-accordion-title sow-accordion-title-icon-left\">\n\t\t\t\t\t\t\t\t\t\t\t\t\t\tBauen.Wohnen.Sanieren\t\t\t\t\t\t\t\t\t\t\t\t\t<\/div>\n\t\t\t\t\t\t<div class=\"sow-accordion-open-close-button\">\n\t\t\t\t\t\t\t<div class=\"sow-accordion-open-button\">\n\t\t\t\t\t\t\t\t<span class=\"sow-icon-ionicons\" data-sow-icon=\"&#xf218;\"\n\t\t \n\t\taria-hidden=\"true\"><\/span>\t\t\t\t\t\t\t<\/div>\n\t\t\t\t\t\t\t<div class=\"sow-accordion-close-button\">\n\t\t\t\t\t\t\t\t<span class=\"sow-icon-ionicons\" data-sow-icon=\"&#xf209;\"\n\t\t \n\t\taria-hidden=\"true\"><\/span>\t\t\t\t\t\t\t<\/div>\n\t\t\t\t\t\t<\/div>\n\t\t\t\t\t<\/div>\n\t\t\t\t<\/div>\n\n\t\t\t<div\n\t\t\t\tclass=\"sow-accordion-panel-content\"\n\t\t\t\trole=\"region\"\n\t\t\t\taria-labelledby=\"accordion-label-bauen-wohnen-sanieren\"\n\t\t\t\tid=\"accordion-content-bauen-wohnen-sanieren\"\n\t\t\t\tstyle=\"display: none;\"\t\t\t>\n\t\t\t\t<div class=\"sow-accordion-panel-border\">\n\t\t\t\t\t<p><span style=\"color: #000000;\">F\u00fcr die Errichtung, Kauf oder Sanierung von Eigenheimen oder Eigentumswohnungen sowie deren Vergr\u00f6\u00dferung (Zubau, Aufstockung) bzw. Ma\u00dfnahmen zur Energieversorgung mit erneuerbaren Energiequellen oder thermische Sanierungen kann unter bestimmten Voraussetzungen um Beihilfe angesucht werden.<\/span><\/p>\n<p>&nbsp;<\/p>\n<p>&nbsp;<\/p>\n<p><img loading=\"lazy\" decoding=\"async\" class=\"wp-image-9001 size-medium aligncenter\" src=\"https:\/\/www.lak-vorarlberg.at\/wp-content\/uploads\/2020\/06\/Geld_Haeuschen_1920-300x200.jpg\" alt=\"\" width=\"300\" height=\"200\" srcset=\"https:\/\/www.lak-vorarlberg.at\/wp-content\/uploads\/2020\/06\/Geld_Haeuschen_1920-300x200.jpg 300w, https:\/\/www.lak-vorarlberg.at\/wp-content\/uploads\/2020\/06\/Geld_Haeuschen_1920-1024x683.jpg 1024w, https:\/\/www.lak-vorarlberg.at\/wp-content\/uploads\/2020\/06\/Geld_Haeuschen_1920-768x512.jpg 768w, https:\/\/www.lak-vorarlberg.at\/wp-content\/uploads\/2020\/06\/Geld_Haeuschen_1920-1536x1024.jpg 1536w, https:\/\/www.lak-vorarlberg.at\/wp-content\/uploads\/2020\/06\/Geld_Haeuschen_1920-360x240.jpg 360w, https:\/\/www.lak-vorarlberg.at\/wp-content\/uploads\/2020\/06\/Geld_Haeuschen_1920-850x567.jpg 850w, https:\/\/www.lak-vorarlberg.at\/wp-content\/uploads\/2020\/06\/Geld_Haeuschen_1920-272x182.jpg 272w, https:\/\/www.lak-vorarlberg.at\/wp-content\/uploads\/2020\/06\/Geld_Haeuschen_1920.jpg 1920w\" sizes=\"auto, (max-width: 300px) 100vw, 300px\" \/><\/p>\n<p>&nbsp;<\/p>\n<p>&nbsp;<\/p>\n<h3><span style=\"color: #000000;\"><strong>F\u00f6rderungsart<\/strong><\/span><\/h3>\n<p><span style=\"color: #000000;\">Nicht r\u00fcckzahlbare Zusch\u00fcsse aus F\u00f6rderungsmitteln des Landes.<\/span><\/p>\n<p>&nbsp;<\/p>\n<h3><span style=\"color: #000000;\"><strong>F\u00f6rderungswerber<\/strong><\/span><\/h3>\n<p><span style=\"color: #000000;\">Sie m\u00fcssen bei der Einreichung des Ansuchens folgende Bedingungen erf\u00fcllen:<\/span><\/p>\n<p><span style=\"color: #000000;\">&#8211; die \u00f6sterreichische Staatsb\u00fcrgerschaft besitzen, oder mit einer Person, welche die \u00f6sterreichische Staatsb\u00fcrgerschaft besitzt, verheiratet sein. Staatsangeh\u00f6rige eines EU-Mitgliedsstaates oder eines EFTA-Staates sind im Sinne des \u00f6sterreichischen EWR-Abkommens \u00f6sterreichischen Staatsb\u00fcrgern gleichzustellen.<\/span><\/p>\n<p><span style=\"color: #000000;\">&#8211; Das 55. Lebensjahr noch nicht vollendet haben. Ausnahmsweise gilt als Altersgrenze das vollendete 60. Lebensjahr, wenn mindestens ein im gemeinsamen Haushalt lebendes Kind ebenfalls hauptberuflich land- und forstwirtschaftlicher Dienstnehmer ist, oder der F\u00f6rderungswerber eine mindestens 25-j\u00e4hrige T\u00e4tigkeit in der Land- und Forstwirtschaft nachweisen kann.<\/span><\/p>\n<p><span style=\"color: #000000;\">&#8211; Der F\u00f6rderungswerber muss bereits f\u00fcnf Jahre innerhalb der letzten 10 Jahre in der Land- und Forstwirtschaft als Dienstnehmer (\u00a7 5 Landarbeitsgesetz) besch\u00e4ftigt gewesen sein, in einem aufrechten Dienstverh\u00e4ltnis stehen und als Kammermitglied der Sektion Dienstnehmer der Landwirtschaftskammer Vorarlberg zugeh\u00f6rig sein.<\/span><\/p>\n<p><span style=\"color: #000000;\">Bei Saisonarbeitskr\u00e4ften gilt eine Saison als ein Jahr f\u00fcr die Anwartschaft auf eine F\u00f6rderung. Geringf\u00fcgig Besch\u00e4ftigte sind von dieser F\u00f6rderung ausgeschlossen. Bei Teilzeitbesch\u00e4ftigten entscheidet die Sektionssitzung \u00fcber die F\u00f6rderungsw\u00fcrdigkeit.<\/span><\/p>\n<p><span style=\"color: #000000;\">&#8211; Der Antragsteller verpflichtet sich:<\/span><\/p>\n<ul>\n<li><span style=\"color: #000000;\">Ab Antragstellung noch<strong> weitere <\/strong>5 Jahre (Saisonen) in einem in \u00d6sterreich gelegenen Betrieb der Land- und Forstwirtschaft (\u00a7 5 Landarbeitsgesetz) als Dienstnehmer besch\u00e4ftigt zu sein, und auf Grund dieses Dienstverh\u00e4ltnisses der Sozialversicherungspflicht zu unterliegen. (Nachweis durch Versicherungszeitenbescheinigung). Diese Voraussetzung wird ab einer mindestens 10-j\u00e4hrigen Kammerzugeh\u00f6rigkeit (bzw. 10 Saisonen) als erf\u00fcllt betrachtet.<\/span><\/li>\n<li><span style=\"color: #000000;\">Nicht gem. \u00a7 2 Land- und Forstarbeitsgesetz von den Bestimmungen dieses Gesetzes ausgenommen zu sein.<\/span><\/li>\n<li><span style=\"color: #000000;\">Die unterfertigte schriftliche Verpflichtungserkl\u00e4rung gem\u00e4\u00df Formblatt abgegeben zu haben.<\/span><\/li>\n<\/ul>\n<p>&nbsp;<\/p>\n<h3><span style=\"color: #000000;\"><strong>F\u00f6rderungsgegenstand<\/strong><\/span><\/h3>\n<p><span style=\"color: #000000;\">Errichtung oder Ankauf von im Bundesland Vorarlberg gelegenen Eigenheimen und Eigentumswohnungen sowie deren Vergr\u00f6\u00dferung<\/span><\/p>\n<p><span style=\"color: #000000;\"> (Zu-, Ausbau, Aufstockung, Sanierung oder Verbesserung in Verbindung mit einer Wohnraumschaffung, Ma\u00dfnahmen zur Energieversorgung mit erneuerbaren Energiequellen, thermische Sanierung etc.). &nbsp;Die Finanzierung des Vorhabens muss gesichert erscheinen.<\/span><\/p>\n<p><span style=\"color: #000000;\">Bei Um- bzw. Zubauten wie auch Sanierungen ist ein 20%iger Zuschuss bis zum H\u00f6chstausma\u00df laut Anhang der Richtlinie m\u00f6glich.<\/span><\/p>\n<p><span style=\"color: #000000;\">F\u00f6rderungswerber, die bereits einmal einen Zuschuss im Rahmen der F\u00f6rderung des Landarbeitereigenheimbaues erhalten haben, kommen f\u00fcr einen weiteren Zuschuss nur dann in Betracht, wenn bei fr\u00fcheren F\u00f6rderungen das H\u00f6chstausma\u00df des Zuschusses nach den zum Zeitpunkt der Antragstellung g\u00fcltigen Richtlinien nicht erreicht worden ist, oder wenn es sich um eine Ma\u00dfnahme der thermischen Sanierung (Isolierung, Fenstertausch, etc.) oder eine Investition in erneuerbare Energie handelt. In diesen F\u00e4llen ist ein weiterer Zuschuss in H\u00f6he von maximal 50 % der Grundf\u00f6rderung, ohne Ber\u00fccksichtigung der zu versorgenden Kinder, m\u00f6glich.<\/span><\/p>\n<p>&nbsp;<\/p>\n<h3><span style=\"color: #000000;\"><strong>F\u00f6rderungsabwicklung<\/strong><\/span><\/h3>\n<p><span style=\"color: #000000;\">Mit der F\u00f6rderungsabwicklung ist die Landwirtschaftskammer \u2013 Sektion Dienstnehmer betraut. Die Beschlussfassung \u00fcber Bewilligungen von Investitionszusch\u00fcssen bzw. deren R\u00fcckforderungen wegen Nichteinhaltung der vom F\u00f6rderungswerber eingegangenen Verpflichtung ist der Sektionsversammlung der land- und forstwirtschaftlichen Dienstnehmer der Landwirtschaftskammer vorbehalten.<\/span><\/p>\n<p><span style=\"color: #000000;\">F\u00f6rderungsansuchen sind mittels Formblatt unter Beif\u00fcgung s\u00e4mtlicher geforderter Unterlagen und der vom Antragsteller unterschriebenen Verpflichtungserkl\u00e4rung bei der Dienstnehmersektion der Landwirtschaftskammer vor Baubeginn einzureichen. In begr\u00fcndeten Ausnahmef\u00e4llen k\u00f6nnen versp\u00e4tet eingereichte Antr\u00e4ge akzeptiert werden.<\/span><\/p>\n<p><strong><span style=\"color: #000000;\">F\u00fcr ausf\u00fchrliche Informationen wenden Sie sich bitte an die Sektion Dienstnehmer der LK Vorarlberg.<\/span><\/strong><\/p>\n<p>&nbsp;<\/p>\n\t\t\t\t<\/div>\n\t\t\t<\/div>\n\t\t<\/div>\n\t\t\t<div class=\"sow-accordion-panel\n\t\t\t\t\t\"\n\t\t\t\tdata-anchor-id=\"familienhilfe\">\n\t\t\t\t\t<div class=\"sow-accordion-panel-header-container\" role=\"heading\" aria-level=\"2\">\n\t\t\t\t\t<div class=\"sow-accordion-panel-header\" tabindex=\"0\" role=\"button\" id=\"accordion-label-familienhilfe\" aria-controls=\"accordion-content-familienhilfe\" aria-expanded=\"false\">\n\t\t\t\t\t\t<div class=\"sow-accordion-title sow-accordion-title-icon-left\">\n\t\t\t\t\t\t\t\t\t\t\t\t\t\tFamilienhilfe\t\t\t\t\t\t\t\t\t\t\t\t\t<\/div>\n\t\t\t\t\t\t<div class=\"sow-accordion-open-close-button\">\n\t\t\t\t\t\t\t<div class=\"sow-accordion-open-button\">\n\t\t\t\t\t\t\t\t<span class=\"sow-icon-ionicons\" data-sow-icon=\"&#xf218;\"\n\t\t \n\t\taria-hidden=\"true\"><\/span>\t\t\t\t\t\t\t<\/div>\n\t\t\t\t\t\t\t<div class=\"sow-accordion-close-button\">\n\t\t\t\t\t\t\t\t<span class=\"sow-icon-ionicons\" data-sow-icon=\"&#xf209;\"\n\t\t \n\t\taria-hidden=\"true\"><\/span>\t\t\t\t\t\t\t<\/div>\n\t\t\t\t\t\t<\/div>\n\t\t\t\t\t<\/div>\n\t\t\t\t<\/div>\n\n\t\t\t<div\n\t\t\t\tclass=\"sow-accordion-panel-content\"\n\t\t\t\trole=\"region\"\n\t\t\t\taria-labelledby=\"accordion-label-familienhilfe\"\n\t\t\t\tid=\"accordion-content-familienhilfe\"\n\t\t\t\tstyle=\"display: none;\"\t\t\t>\n\t\t\t\t<div class=\"sow-accordion-panel-border\">\n\t\t\t\t\t<p><span style=\"color: #000000;\">Analog zur landwirtschaftlichen Betriebshilfe k\u00f6nnen Kammermitglieder bei Bedarf einen formlosen Antrag an die Sektion Dienstnehmer richten und 2\/3 der verbleibenden Kosten der Familienhilfe als Unterst\u00fctzung erhalten.<\/span><\/p>\n\t\t\t\t<\/div>\n\t\t\t<\/div>\n\t\t<\/div>\n\t\t\t<div class=\"sow-accordion-panel\n\t\t\t\t\t\"\n\t\t\t\tdata-anchor-id=\"fuehrerscheinbeihilfe\">\n\t\t\t\t\t<div class=\"sow-accordion-panel-header-container\" role=\"heading\" aria-level=\"2\">\n\t\t\t\t\t<div class=\"sow-accordion-panel-header\" tabindex=\"0\" role=\"button\" id=\"accordion-label-f%c3%bchrerscheinbeihilfe\" aria-controls=\"accordion-content-f%c3%bchrerscheinbeihilfe\" aria-expanded=\"false\">\n\t\t\t\t\t\t<div class=\"sow-accordion-title sow-accordion-title-icon-left\">\n\t\t\t\t\t\t\t\t\t\t\t\t\t\tF\u00fchrerscheinbeihilfe\t\t\t\t\t\t\t\t\t\t\t\t\t<\/div>\n\t\t\t\t\t\t<div class=\"sow-accordion-open-close-button\">\n\t\t\t\t\t\t\t<div class=\"sow-accordion-open-button\">\n\t\t\t\t\t\t\t\t<span class=\"sow-icon-ionicons\" data-sow-icon=\"&#xf218;\"\n\t\t \n\t\taria-hidden=\"true\"><\/span>\t\t\t\t\t\t\t<\/div>\n\t\t\t\t\t\t\t<div class=\"sow-accordion-close-button\">\n\t\t\t\t\t\t\t\t<span class=\"sow-icon-ionicons\" data-sow-icon=\"&#xf209;\"\n\t\t \n\t\taria-hidden=\"true\"><\/span>\t\t\t\t\t\t\t<\/div>\n\t\t\t\t\t\t<\/div>\n\t\t\t\t\t<\/div>\n\t\t\t\t<\/div>\n\n\t\t\t<div\n\t\t\t\tclass=\"sow-accordion-panel-content\"\n\t\t\t\trole=\"region\"\n\t\t\t\taria-labelledby=\"accordion-label-f%c3%bchrerscheinbeihilfe\"\n\t\t\t\tid=\"accordion-content-f%c3%bchrerscheinbeihilfe\"\n\t\t\t\tstyle=\"display: none;\"\t\t\t>\n\t\t\t\t<div class=\"sow-accordion-panel-border\">\n\t\t\t\t\t<p>&nbsp;<\/p>\n<p style=\"text-align: center;\"><img loading=\"lazy\" decoding=\"async\" class=\"alignnone wp-image-9093\" src=\"https:\/\/www.lak-vorarlberg.at\/wp-content\/uploads\/2020\/07\/Fahrschulauto_von-Maria-300x204.jpg\" alt=\"\" width=\"447\" height=\"304\" srcset=\"https:\/\/www.lak-vorarlberg.at\/wp-content\/uploads\/2020\/07\/Fahrschulauto_von-Maria-300x204.jpg 300w, https:\/\/www.lak-vorarlberg.at\/wp-content\/uploads\/2020\/07\/Fahrschulauto_von-Maria-1024x696.jpg 1024w, https:\/\/www.lak-vorarlberg.at\/wp-content\/uploads\/2020\/07\/Fahrschulauto_von-Maria-768x522.jpg 768w, https:\/\/www.lak-vorarlberg.at\/wp-content\/uploads\/2020\/07\/Fahrschulauto_von-Maria-1536x1044.jpg 1536w, https:\/\/www.lak-vorarlberg.at\/wp-content\/uploads\/2020\/07\/Fahrschulauto_von-Maria.jpg 1677w\" sizes=\"auto, (max-width: 447px) 100vw, 447px\" \/><\/p>\n<p>&nbsp;<\/p>\n<p><span style=\"color: #000000;\">Kammermitglieder k\u00f6nnen eine Beihilfe f\u00fcr den Fahrschulbesuch zur Erlangung des F\u00fchrerscheins der Gruppen <strong>C bis F<\/strong> erhalten, vorausgesetzt:<\/span><\/p>\n<ul>\n<li><span style=\"color: #000000;\">Der\/die Antragsteller\/-in ist zum Zeitpunkt der Antragstellung bereits sechs Monate in der Land- und Forstwirtschaft als pflichtversichertes Kammermitglied besch\u00e4ftigt. <\/span>(eine geringf\u00fcgige Anstellung ist nicht ausreichend)<\/li>\n<\/ul>\n<ul>\n<li><span style=\"color: #000000;\">Der F\u00fchrerschein muss f\u00fcr die Aus\u00fcbung der Berufst\u00e4tigkeit in der Land- und Forstwirtschaft erforderlich sein.<\/span><\/li>\n<\/ul>\n<p><span style=\"color: #000000;\">F\u00fcr den Fahrschulbesuch zur Erlangung des <strong>F\u00fchrerscheins der Gruppe B<\/strong> k\u00f6nnen Kammermitglieder <strong>bis zum vollendeten 21. Lebensjahr<\/strong> eine Beihilfe erhalten, wenn sie bei der Antragstellung:<\/span><\/p>\n<ul>\n<li><span style=\"color: #000000;\">bereits sechs Monate in der Land- und Forstwirtschaft zumindest 20 Wochenstunden besch\u00e4ftigt und<\/span><\/li>\n<li><span style=\"color: #000000;\">bei der F\u00fchrerscheinpr\u00fcfung bereits Kammermitglied waren.<\/span><\/li>\n<\/ul>\n<p><span style=\"color: #000000;\">Es besteht kein Rechtsanspruch auf Zuerkennung der Beihilfe.<\/span><\/p>\n<p><span style=\"color: #000000;\"><strong>&nbsp;<\/strong><strong>Antr\u00e4ge<\/strong> sind an das B\u00fcro der Sektion Dienstnehmer mit folgenden Dokumenten zu richten:<\/span><\/p>\n<ul>\n<li><span style=\"color: #000000;\">Die Zahlungsbest\u00e4tigung der Fahrschule<\/span><\/li>\n<li><span style=\"color: #000000;\">eine Kopie des F\u00fchrerscheins<\/span><\/li>\n<li><span style=\"color: #000000;\">Best\u00e4tigung des Arbeitgebers f\u00fcr eine berufliche Notwendigkeit<\/span><\/li>\n<li><span style=\"color: #000000;\">eine Kopie der Zulassung eines entsprechenden Fahrzeuges auf den Betrieb<\/span><\/li>\n<\/ul>\n<p><span style=\"color: #000000;\"><strong>F\u00f6rderungsausma\u00df<\/strong><\/span><\/p>\n<p><span style=\"color: #000000;\">C (C1+F) &nbsp;&nbsp;&nbsp;&nbsp;&nbsp;&nbsp;&nbsp;&nbsp;&nbsp;&nbsp;&nbsp;&nbsp;&nbsp;&nbsp;&nbsp;&nbsp;&nbsp;&nbsp; \u20ac 300,00<\/span><\/p>\n<p><span style=\"color: #000000;\">C1 (F)&nbsp;&nbsp;&nbsp;&nbsp;&nbsp;&nbsp;&nbsp;&nbsp;&nbsp;&nbsp;&nbsp;&nbsp;&nbsp;&nbsp;&nbsp;&nbsp;&nbsp;&nbsp;&nbsp;&nbsp;&nbsp;&nbsp;&nbsp;&nbsp; \u20ac 300,00<\/span><\/p>\n<p><span style=\"color: #000000;\">C1+E1(F) &nbsp;&nbsp;&nbsp;&nbsp;&nbsp;&nbsp;&nbsp;&nbsp;&nbsp;&nbsp;&nbsp;&nbsp;&nbsp;&nbsp;&nbsp;&nbsp;&nbsp; \u20ac 300,00<\/span><\/p>\n<p><span style=\"color: #000000;\">C+E (C1+F) &nbsp;&nbsp;&nbsp;&nbsp;&nbsp;&nbsp;&nbsp;&nbsp;&nbsp;&nbsp;&nbsp;&nbsp;&nbsp;&nbsp; \u20ac 400,00<\/span><\/p>\n<p><span style=\"color: #000000;\">F&nbsp; &nbsp; &nbsp; &nbsp; &nbsp; &nbsp; &nbsp; &nbsp; &nbsp; &nbsp; &nbsp; &nbsp; &nbsp; &nbsp; &nbsp; &nbsp; &nbsp;\u20ac 150,00<\/span><\/p>\n<p><span style=\"color: #000000;\">E (E\/B+E\/C1) &nbsp;&nbsp;&nbsp;&nbsp;&nbsp;&nbsp;&nbsp;&nbsp;&nbsp;&nbsp;&nbsp; \u20ac 200,00<\/span><\/p>\n<p><span style=\"color: #000000;\">E\/C1 (E\/B) &nbsp;&nbsp;&nbsp;&nbsp;&nbsp;&nbsp;&nbsp;&nbsp;&nbsp;&nbsp;&nbsp;&nbsp;&nbsp;&nbsp;&nbsp;&nbsp; \u20ac 100,00<\/span><\/p>\n<p><span style=\"color: #000000;\">E\/B&nbsp;&nbsp;&nbsp;&nbsp;&nbsp;&nbsp;&nbsp;&nbsp;&nbsp;&nbsp;&nbsp;&nbsp;&nbsp;&nbsp;&nbsp;&nbsp;&nbsp;&nbsp;&nbsp;&nbsp;&nbsp;&nbsp;&nbsp;&nbsp;&nbsp;&nbsp;&nbsp;&nbsp;&nbsp; \u20ac 100,00<\/span><\/p>\n<p><span style=\"color: #000000;\">B &nbsp;&nbsp;&nbsp;&nbsp;&nbsp;&nbsp;&nbsp;&nbsp;&nbsp;&nbsp;&nbsp;&nbsp;&nbsp;&nbsp;&nbsp;&nbsp;&nbsp;&nbsp;&nbsp;&nbsp;&nbsp;&nbsp;&nbsp;&nbsp;&nbsp;&nbsp;&nbsp;&nbsp;&nbsp;&nbsp;&nbsp; \u20ac 250,00<\/span><\/p>\n<p>&nbsp;<\/p>\n<p><span style=\"font-size: 12pt;\"><strong><a href=\"https:\/\/www.lak-vorarlberg.at\/wp-content\/uploads\/2026\/02\/Ansuchen-Fuehrerscheinbeihilfe.pdf\">F\u00fchrerscheinbeihilfe Formular<\/a><\/strong><\/span><\/p>\n\t\t\t\t<\/div>\n\t\t\t<\/div>\n\t\t<\/div>\n\t\t\t<div class=\"sow-accordion-panel\n\t\t\t\t\t\"\n\t\t\t\tdata-anchor-id=\"kurkostenzuschuss\">\n\t\t\t\t\t<div class=\"sow-accordion-panel-header-container\" role=\"heading\" aria-level=\"2\">\n\t\t\t\t\t<div class=\"sow-accordion-panel-header\" tabindex=\"0\" role=\"button\" id=\"accordion-label-kurkostenzuschuss\" aria-controls=\"accordion-content-kurkostenzuschuss\" aria-expanded=\"false\">\n\t\t\t\t\t\t<div class=\"sow-accordion-title sow-accordion-title-icon-left\">\n\t\t\t\t\t\t\t\t\t\t\t\t\t\tKurkostenzuschuss\t\t\t\t\t\t\t\t\t\t\t\t\t<\/div>\n\t\t\t\t\t\t<div class=\"sow-accordion-open-close-button\">\n\t\t\t\t\t\t\t<div class=\"sow-accordion-open-button\">\n\t\t\t\t\t\t\t\t<span class=\"sow-icon-ionicons\" data-sow-icon=\"&#xf218;\"\n\t\t \n\t\taria-hidden=\"true\"><\/span>\t\t\t\t\t\t\t<\/div>\n\t\t\t\t\t\t\t<div class=\"sow-accordion-close-button\">\n\t\t\t\t\t\t\t\t<span class=\"sow-icon-ionicons\" data-sow-icon=\"&#xf209;\"\n\t\t \n\t\taria-hidden=\"true\"><\/span>\t\t\t\t\t\t\t<\/div>\n\t\t\t\t\t\t<\/div>\n\t\t\t\t\t<\/div>\n\t\t\t\t<\/div>\n\n\t\t\t<div\n\t\t\t\tclass=\"sow-accordion-panel-content\"\n\t\t\t\trole=\"region\"\n\t\t\t\taria-labelledby=\"accordion-label-kurkostenzuschuss\"\n\t\t\t\tid=\"accordion-content-kurkostenzuschuss\"\n\t\t\t\tstyle=\"display: none;\"\t\t\t>\n\t\t\t\t<div class=\"sow-accordion-panel-border\">\n\t\t\t\t\t<p><span style=\"color: #000000;\">Kammerzugeh\u00f6rige, welche einen Kuraufenthalt verbrachten, k\u00f6nnen einen Kostenzuschuss in H\u00f6he von \u20ac 5,00 je Tag beantragen.<\/span><\/p>\n<p><span style=\"color: #000000;\">Es gen\u00fcgt ein formloses Ansuchen mit den pers\u00f6nlichen Daten, Angabe der Bankverbindung und einer Best\u00e4tigung des Aufenthaltes.<\/span><\/p>\n\t\t\t\t<\/div>\n\t\t\t<\/div>\n\t\t<\/div>\n\t\t\t<div class=\"sow-accordion-panel\n\t\t\t\t\t\"\n\t\t\t\tdata-anchor-id=\"lehrlingsbeihilfe\">\n\t\t\t\t\t<div class=\"sow-accordion-panel-header-container\" role=\"heading\" aria-level=\"2\">\n\t\t\t\t\t<div class=\"sow-accordion-panel-header\" tabindex=\"0\" role=\"button\" id=\"accordion-label-lehrlingsbeihilfe\" aria-controls=\"accordion-content-lehrlingsbeihilfe\" aria-expanded=\"false\">\n\t\t\t\t\t\t<div class=\"sow-accordion-title sow-accordion-title-icon-left\">\n\t\t\t\t\t\t\t\t\t\t\t\t\t\tLehrlingsbeihilfe\t\t\t\t\t\t\t\t\t\t\t\t\t<\/div>\n\t\t\t\t\t\t<div class=\"sow-accordion-open-close-button\">\n\t\t\t\t\t\t\t<div class=\"sow-accordion-open-button\">\n\t\t\t\t\t\t\t\t<span class=\"sow-icon-ionicons\" data-sow-icon=\"&#xf218;\"\n\t\t \n\t\taria-hidden=\"true\"><\/span>\t\t\t\t\t\t\t<\/div>\n\t\t\t\t\t\t\t<div class=\"sow-accordion-close-button\">\n\t\t\t\t\t\t\t\t<span class=\"sow-icon-ionicons\" data-sow-icon=\"&#xf209;\"\n\t\t \n\t\taria-hidden=\"true\"><\/span>\t\t\t\t\t\t\t<\/div>\n\t\t\t\t\t\t<\/div>\n\t\t\t\t\t<\/div>\n\t\t\t\t<\/div>\n\n\t\t\t<div\n\t\t\t\tclass=\"sow-accordion-panel-content\"\n\t\t\t\trole=\"region\"\n\t\t\t\taria-labelledby=\"accordion-label-lehrlingsbeihilfe\"\n\t\t\t\tid=\"accordion-content-lehrlingsbeihilfe\"\n\t\t\t\tstyle=\"display: none;\"\t\t\t>\n\t\t\t\t<div class=\"sow-accordion-panel-border\">\n\t\t\t\t\t<p>&nbsp;<\/p>\n<p><span style=\"color: #000000;\">Alle Lehrlinge, die der Sektion Dienstnehmer der LK Vorarlberg kammerzugeh\u00f6rig sind, k\u00f6nnen einmal je Lehrjahr die Lehrlingsf\u00f6rderung in H\u00f6he von \u20ac 150,00 beantragen. Das Antragsformular ist vollst\u00e4ndig ausgef\u00fcllt an das Sektionsb\u00fcro per Post oder per Mail zu schicken.<\/span><\/p>\n<h3><strong><a href=\"https:\/\/www.lak-vorarlberg.at\/wp-content\/uploads\/2026\/02\/Ansuchen-Lehrlingsbeihilfe.pdf\">Lehrlingsbeihilfe Formular<\/a><\/strong><\/h3>\n<p>&nbsp;<\/p>\n<p>&nbsp;<\/p>\n\t\t\t\t<\/div>\n\t\t\t<\/div>\n\t\t<\/div>\n\t\t\t<div class=\"sow-accordion-panel\n\t\t\t\t\t\"\n\t\t\t\tdata-anchor-id=\"soforthilfe-in-notlage\">\n\t\t\t\t\t<div class=\"sow-accordion-panel-header-container\" role=\"heading\" aria-level=\"2\">\n\t\t\t\t\t<div class=\"sow-accordion-panel-header\" tabindex=\"0\" role=\"button\" id=\"accordion-label-soforthilfe-in-notlage\" aria-controls=\"accordion-content-soforthilfe-in-notlage\" aria-expanded=\"false\">\n\t\t\t\t\t\t<div class=\"sow-accordion-title sow-accordion-title-icon-left\">\n\t\t\t\t\t\t\t\t\t\t\t\t\t\tSoforthilfe in Notlage\t\t\t\t\t\t\t\t\t\t\t\t\t<\/div>\n\t\t\t\t\t\t<div class=\"sow-accordion-open-close-button\">\n\t\t\t\t\t\t\t<div class=\"sow-accordion-open-button\">\n\t\t\t\t\t\t\t\t<span class=\"sow-icon-ionicons\" data-sow-icon=\"&#xf218;\"\n\t\t \n\t\taria-hidden=\"true\"><\/span>\t\t\t\t\t\t\t<\/div>\n\t\t\t\t\t\t\t<div class=\"sow-accordion-close-button\">\n\t\t\t\t\t\t\t\t<span class=\"sow-icon-ionicons\" data-sow-icon=\"&#xf209;\"\n\t\t \n\t\taria-hidden=\"true\"><\/span>\t\t\t\t\t\t\t<\/div>\n\t\t\t\t\t\t<\/div>\n\t\t\t\t\t<\/div>\n\t\t\t\t<\/div>\n\n\t\t\t<div\n\t\t\t\tclass=\"sow-accordion-panel-content\"\n\t\t\t\trole=\"region\"\n\t\t\t\taria-labelledby=\"accordion-label-soforthilfe-in-notlage\"\n\t\t\t\tid=\"accordion-content-soforthilfe-in-notlage\"\n\t\t\t\tstyle=\"display: none;\"\t\t\t>\n\t\t\t\t<div class=\"sow-accordion-panel-border\">\n\t\t\t\t\t<p><span style=\"color: #000000;\">F\u00fcr unverschuldet in Not geratene Dienstnehmer\/-innen oder deren Angeh\u00f6rige k\u00f6nnen per Beschluss der Sektionsversammlung finanzielle Unterst\u00fctzungen gew\u00e4hrt werden. Nach Unf\u00e4llen, Krankheitsf\u00e4llen, Todesf\u00e4llen, Naturkatastrophen, Brandf\u00e4llen oder \u00c4hnlichem soll die Soforthilfe die erste Not lindern helfen und f\u00fcr unvorhergesehene Ausgaben zur Verf\u00fcgung stehen.<\/span><\/p>\n<p>Das Ausma\u00df der Unterst\u00fctzung wird in Abh\u00e4ngigkeit vom Einzelfall von der Sektionsversammlung festgelegt und bewegt sich in der Gr\u00f6\u00dfenordnung von \u20ac 500,00 bis \u20ac 2.000,00. Die Unterst\u00fctzung kann auch mehrmals gew\u00e4hrt werden.<\/p>\n\t\t\t\t<\/div>\n\t\t\t<\/div>\n\t\t<\/div>\n\t\t\t<div class=\"sow-accordion-panel\n\t\t\t\t\t\"\n\t\t\t\tdata-anchor-id=\"treuepraemie\">\n\t\t\t\t\t<div class=\"sow-accordion-panel-header-container\" role=\"heading\" aria-level=\"2\">\n\t\t\t\t\t<div class=\"sow-accordion-panel-header\" tabindex=\"0\" role=\"button\" id=\"accordion-label-treuepr%c3%a4mie\" aria-controls=\"accordion-content-treuepr%c3%a4mie\" aria-expanded=\"false\">\n\t\t\t\t\t\t<div class=\"sow-accordion-title sow-accordion-title-icon-left\">\n\t\t\t\t\t\t\t\t\t\t\t\t\t\tTreuepr\u00e4mie\t\t\t\t\t\t\t\t\t\t\t\t\t<\/div>\n\t\t\t\t\t\t<div class=\"sow-accordion-open-close-button\">\n\t\t\t\t\t\t\t<div class=\"sow-accordion-open-button\">\n\t\t\t\t\t\t\t\t<span class=\"sow-icon-ionicons\" data-sow-icon=\"&#xf218;\"\n\t\t \n\t\taria-hidden=\"true\"><\/span>\t\t\t\t\t\t\t<\/div>\n\t\t\t\t\t\t\t<div class=\"sow-accordion-close-button\">\n\t\t\t\t\t\t\t\t<span class=\"sow-icon-ionicons\" data-sow-icon=\"&#xf209;\"\n\t\t \n\t\taria-hidden=\"true\"><\/span>\t\t\t\t\t\t\t<\/div>\n\t\t\t\t\t\t<\/div>\n\t\t\t\t\t<\/div>\n\t\t\t\t<\/div>\n\n\t\t\t<div\n\t\t\t\tclass=\"sow-accordion-panel-content\"\n\t\t\t\trole=\"region\"\n\t\t\t\taria-labelledby=\"accordion-label-treuepr%c3%a4mie\"\n\t\t\t\tid=\"accordion-content-treuepr%c3%a4mie\"\n\t\t\t\tstyle=\"display: none;\"\t\t\t>\n\t\t\t\t<div class=\"sow-accordion-panel-border\">\n\t\t\t\t\t<p><span style=\"color: #000000;\">Dienstnehmer, die 15, 25, 35 oder 45 Jahre in einem land- und forstwirtschaftlichen Betrieb (es k\u00f6nnen auch verschiedene Betriebe sein) besch\u00e4ftigt sind, k\u00f6nnen im Rahmen einer Ehrungsfeier ausgezeichnet werden.<\/span><\/p>\n<p>Die Lehrzeit, Pr\u00e4senz- oder Zivildienst sowie vergleichbare Zeiten werden in voller H\u00f6he angerechnet. Ebenso Zeiten der Karenz in H\u00f6he von maximal zwei Jahren je Kind. \u00dcberschneidungen von aufeinanderfolgenden Karenzzeiten werden nur einfach gerechnet.<br \/>\nF\u00fcr Saisonarbeiter und Alppersonal wird eine Saison als ein Jahr gerechnet.<\/p>\n<p><span style=\"color: #000000;\">Sie erhalten, abgestuft nach Dienstjahren, eine Urkunde sowie eine Treuepr\u00e4mie.<\/span><\/p>\n<ul>\n<li><span style=\"color: #000000;\">EUR 150,- f\u00fcr 15 Jahre<\/span><\/li>\n<li><span style=\"color: #000000;\">EUR 250,- f\u00fcr 25 Jahre<\/span><\/li>\n<li><span style=\"color: #000000;\">EUR 350,- f\u00fcr 35 Jahre<\/span><\/li>\n<li><span style=\"color: #000000;\">EUR 450,- f\u00fcr 45 Jahre<\/span><\/li>\n<\/ul>\n<p>&nbsp;<\/p>\n<p><strong><a href=\"https:\/\/www.lak-vorarlberg.at\/wp-content\/uploads\/2024\/03\/2024-Ansuchen-Treuepraemien.pdf\">Antrag auf Treuepr\u00e4mie<\/a><br \/>\n<\/strong><\/p>\n<p>&nbsp;<\/p>\n<p>&nbsp;<\/p>\n\t\t\t\t<\/div>\n\t\t\t<\/div>\n\t\t<\/div>\n\t\t\t<div class=\"sow-accordion-panel\n\t\t\t\t\t\"\n\t\t\t\tdata-anchor-id=\"zeckenschutzimpfung\">\n\t\t\t\t\t<div class=\"sow-accordion-panel-header-container\" role=\"heading\" aria-level=\"2\">\n\t\t\t\t\t<div class=\"sow-accordion-panel-header\" tabindex=\"0\" role=\"button\" id=\"accordion-label-zeckenschutzimpfung\" aria-controls=\"accordion-content-zeckenschutzimpfung\" aria-expanded=\"false\">\n\t\t\t\t\t\t<div class=\"sow-accordion-title sow-accordion-title-icon-left\">\n\t\t\t\t\t\t\t\t\t\t\t\t\t\tZeckenschutzimpfung\t\t\t\t\t\t\t\t\t\t\t\t\t<\/div>\n\t\t\t\t\t\t<div class=\"sow-accordion-open-close-button\">\n\t\t\t\t\t\t\t<div class=\"sow-accordion-open-button\">\n\t\t\t\t\t\t\t\t<span class=\"sow-icon-ionicons\" data-sow-icon=\"&#xf218;\"\n\t\t \n\t\taria-hidden=\"true\"><\/span>\t\t\t\t\t\t\t<\/div>\n\t\t\t\t\t\t\t<div class=\"sow-accordion-close-button\">\n\t\t\t\t\t\t\t\t<span class=\"sow-icon-ionicons\" data-sow-icon=\"&#xf209;\"\n\t\t \n\t\taria-hidden=\"true\"><\/span>\t\t\t\t\t\t\t<\/div>\n\t\t\t\t\t\t<\/div>\n\t\t\t\t\t<\/div>\n\t\t\t\t<\/div>\n\n\t\t\t<div\n\t\t\t\tclass=\"sow-accordion-panel-content\"\n\t\t\t\trole=\"region\"\n\t\t\t\taria-labelledby=\"accordion-label-zeckenschutzimpfung\"\n\t\t\t\tid=\"accordion-content-zeckenschutzimpfung\"\n\t\t\t\tstyle=\"display: none;\"\t\t\t>\n\t\t\t\t<div class=\"sow-accordion-panel-border\">\n\t\t\t\t\t<p><span style=\"color: #000000;\">Die Zeckenschutzimpfung von Kammermitgliedern wird durch \u00dcbernahme der Kosten f\u00fcr die Impfung gegen Vorlage der Rechnung unterst\u00fctzt. Es gen\u00fcgt ein formloses Ansuchen.<\/span><\/p>\n<p>Nach M\u00f6glichkeit sind die Impfaktionen der AUVA oder SVS in Anspruch zu nehmen.<\/p>\n<p>&nbsp;<\/p>\n\t\t\t\t<\/div>\n\t\t\t<\/div>\n\t\t<\/div>\n\t\t\t<div class=\"sow-accordion-panel\n\t\t\t\t\t\"\n\t\t\t\tdata-anchor-id=\"ausbildungsbeihilfe-9-69f0c1e428d2a\">\n\t\t\t\t\t<div class=\"sow-accordion-panel-header-container\" role=\"heading\" aria-level=\"2\">\n\t\t\t\t\t<div class=\"sow-accordion-panel-header\" tabindex=\"0\" role=\"button\" id=\"accordion-label-ausbildungsbeihilfe-9-69f0c1e428d2a\" aria-controls=\"accordion-content-ausbildungsbeihilfe-9-69f0c1e428d2a\" aria-expanded=\"false\">\n\t\t\t\t\t\t<div class=\"sow-accordion-title sow-accordion-title-icon-left\">\n\t\t\t\t\t\t\t\t\t\t\t\t\t\tAusbildungsbeihilfe \t\t\t\t\t\t\t\t\t\t\t\t\t<\/div>\n\t\t\t\t\t\t<div class=\"sow-accordion-open-close-button\">\n\t\t\t\t\t\t\t<div class=\"sow-accordion-open-button\">\n\t\t\t\t\t\t\t\t<span class=\"sow-icon-ionicons\" data-sow-icon=\"&#xf218;\"\n\t\t \n\t\taria-hidden=\"true\"><\/span>\t\t\t\t\t\t\t<\/div>\n\t\t\t\t\t\t\t<div class=\"sow-accordion-close-button\">\n\t\t\t\t\t\t\t\t<span class=\"sow-icon-ionicons\" data-sow-icon=\"&#xf209;\"\n\t\t \n\t\taria-hidden=\"true\"><\/span>\t\t\t\t\t\t\t<\/div>\n\t\t\t\t\t\t<\/div>\n\t\t\t\t\t<\/div>\n\t\t\t\t<\/div>\n\n\t\t\t<div\n\t\t\t\tclass=\"sow-accordion-panel-content\"\n\t\t\t\trole=\"region\"\n\t\t\t\taria-labelledby=\"accordion-label-ausbildungsbeihilfe-9-69f0c1e428d2a\"\n\t\t\t\tid=\"accordion-content-ausbildungsbeihilfe-9-69f0c1e428d2a\"\n\t\t\t\tstyle=\"display: none;\"\t\t\t>\n\t\t\t\t<div class=\"sow-accordion-panel-border\">\n\t\t\t\t\t<p>&nbsp;<\/p>\n<h3><span style=\"color: #000000;\"><strong>F<span style=\"font-weight: normal !msorm;\">\u00f6rderungsgegenstand<\/span><\/strong><\/span><\/h3>\n<p><span style=\"color: #000000;\">Besuch der Berufsschule sowie von Fachkursen und Lehrg\u00e4ngen zur Weiterbildung, sowie von Meisterkursen und dar\u00fcberhinausgehenden Kursen und Lehrg\u00e4ngen, sowie die Unterst\u00fctzung von Fachexkursionen der Fachverb\u00e4nde oder von einzelnen Kammermitgliedern.<\/span><\/p>\n<p>&nbsp;<\/p>\n<h3><span style=\"color: #000000;\"><strong>F\u00f6rderungsausma\u00df<\/strong><\/span><\/h3>\n<h3><span style=\"font-size: 14pt;\"><strong><span style=\"color: #000000;\">a) Duale Ausbildung (Lehre)<\/span><\/strong><\/span><\/h3>\n<p><span style=\"color: #000000;\">Berufsschulbesuch: 75 % der Kosten f\u00fcr Unterkunft, Verpflegung, Kursgeb\u00fchren und andere Kosten im Zusammenhang mit dem Berufsschulbesuch soweit diese nicht vom Betrieb getragen werden. Die Heimlehre wird dabei der Fremdlehre gleichgesetzt.<\/span><\/p>\n<h3><span style=\"color: #000000; font-size: 14pt;\"><strong>b) <\/strong><strong>Facharbeiterkurs<\/strong><\/span><\/h3>\n<p><span style=\"color: #000000;\">75 % der Kosten einer Weiterbildung (Kurskosten, Unterkunft, Verpflegung, Unterlagen, Exkursionen, Fahrtkosten auf Basis \u00f6ffentliche Verkehrsmittel 2. Klasse) maximal aber<\/span><\/p>\n<p><span style=\"color: #000000;\">\u20ac 750,00 je Jahr und Kurs sind an F\u00f6rderung m\u00f6glich.<\/span><\/p>\n<h3><span style=\"color: #000000; font-size: 14pt;\"><strong>c) <\/strong><strong>Meisterkurs und dar\u00fcber hinausgehende Kurse bzw. Lehrg\u00e4nge<\/strong><\/span><\/h3>\n<p><span style=\"color: #000000;\">Sollte eine F\u00f6rderung durch andere Stellen nicht oder nur zum Teil m\u00f6glich sein, kann eine Unterst\u00fctzung durch die Sektion Dienstnehmer erfolgen. Die Unterst\u00fctzung wird im Einzelfall in Abh\u00e4ngigkeit der Kosten und etwaiger Beitr\u00e4ge Dritter von der Sektionsversammlung festgelegt.<\/span><\/p>\n<p>&nbsp;<\/p>\n<p><span style=\"color: #000000;\"><strong>Ber\u00fccksichtigt werden:<\/strong> Kursgeb\u00fchren, Unterkunft und Verpflegung, Reisekosten f\u00fcr g\u00fcnstigstes \u00f6ffentliches Verkehrsmittel, Kosten f\u00fcr Lernbehelfe.<\/span><\/p>\n<p>&nbsp;<\/p>\n<p><span style=\"color: #000000;\"><strong>Nicht ber\u00fccksichtigt werden:<\/strong> Pr\u00fcfungsgeb\u00fchren &nbsp;<\/span><\/p>\n<p>&nbsp;<\/p>\n<p><strong>Antragsformular Word<\/strong><\/p>\n<p><a href=\"https:\/\/www.lak-vorarlberg.at\/wp-content\/uploads\/2026\/02\/2026-Ansuchen-Ausbildungsbeihilfe.pdf\"><strong>Antragsformular pdf<\/strong><\/a><\/p>\n<p>&nbsp;<\/p>\n\t\t\t\t<\/div>\n\t\t\t<\/div>\n\t\t<\/div>\n\t\t<\/div>\n<\/div>\n<\/div><\/div><\/div><\/div><div id=\"pg-gb7694-69f0c1e42862d-1\"  class=\"panel-grid panel-no-style\" ><div id=\"pgc-gb7694-69f0c1e42862d-1-0\"  class=\"panel-grid-cell\" ><div id=\"panel-gb7694-69f0c1e42862d-1-0-0\" class=\"so-panel widget widget_sow-editor panel-first-child panel-last-child\" data-index=\"1\" ><div\n\t\t\t\n\t\t\tclass=\"so-widget-sow-editor so-widget-sow-editor-base\"\n\t\t\t\n\t\t>\n<div class=\"siteorigin-widget-tinymce textwidget\">\n\t<p><span style=\"color: #808080;\">Aus Gr\u00fcnden der Lesbarkeit verzichten wir darauf, geschlechtsspezifische Formulierungen zu verwenden. Soweit personenbezogene Bezeichnungen nur in m\u00e4nnlicher Form angef\u00fchrt sind, beziehen sie sich auf M\u00e4nner und Frauen in gleicher Weise.<\/span><\/p>\n<\/div>\n<\/div><\/div><\/div><\/div><\/div>\n\n\n<p><\/p>\n","protected":false},"excerpt":{"rendered":"","protected":false},"author":2,"featured_media":0,"parent":0,"menu_order":0,"comment_status":"closed","ping_status":"closed","template":"","meta":{"ngg_post_thumbnail":0,"footnotes":""},"class_list":["post-7694","page","type-page","status-publish","hentry"],"_links":{"self":[{"href":"https:\/\/www.lak-vorarlberg.at\/index.php\/wp-json\/wp\/v2\/pages\/7694","targetHints":{"allow":["GET"]}}],"collection":[{"href":"https:\/\/www.lak-vorarlberg.at\/index.php\/wp-json\/wp\/v2\/pages"}],"about":[{"href":"https:\/\/www.lak-vorarlberg.at\/index.php\/wp-json\/wp\/v2\/types\/page"}],"author":[{"embeddable":true,"href":"https:\/\/www.lak-vorarlberg.at\/index.php\/wp-json\/wp\/v2\/users\/2"}],"replies":[{"embeddable":true,"href":"https:\/\/www.lak-vorarlberg.at\/index.php\/wp-json\/wp\/v2\/comments?post=7694"}],"version-history":[{"count":95,"href":"https:\/\/www.lak-vorarlberg.at\/index.php\/wp-json\/wp\/v2\/pages\/7694\/revisions"}],"predecessor-version":[{"id":12744,"href":"https:\/\/www.lak-vorarlberg.at\/index.php\/wp-json\/wp\/v2\/pages\/7694\/revisions\/12744"}],"wp:attachment":[{"href":"https:\/\/www.lak-vorarlberg.at\/index.php\/wp-json\/wp\/v2\/media?parent=7694"}],"curies":[{"name":"wp","href":"https:\/\/api.w.org\/{rel}","templated":true}]}}