{"id":7309,"date":"2020-04-23T13:40:38","date_gmt":"2020-04-23T11:40:38","guid":{"rendered":"https:\/\/www.lak-vorarlberg.at\/?page_id=7309"},"modified":"2026-03-23T16:44:24","modified_gmt":"2026-03-23T15:44:24","slug":"kollektivvertrage","status":"publish","type":"page","link":"https:\/\/www.lak-vorarlberg.at\/index.php\/kollektivvertrage\/","title":{"rendered":"Kollektivvertr\u00e4ge"},"content":{"rendered":"<div id=\"pl-7309\"  class=\"panel-layout\" ><div id=\"pg-7309-0\"  class=\"panel-grid panel-no-style\" ><div id=\"pgc-7309-0-0\"  class=\"panel-grid-cell\" ><div id=\"panel-7309-0-0-0\" class=\"so-panel widget widget_black-studio-tinymce widget_black_studio_tinymce panel-first-child\" data-index=\"0\" ><h3 class=\"widget-title\"><span class=\"light\">Kollektivvertr\u00e4ge<\/span> 2026<\/h3><div class=\"textwidget\"><p><span style=\"font-size: 14pt; color: #000000;\"><strong>Geltungsbereich:<\/strong><\/span><\/p>\n<p><span style=\"font-size: 14pt; color: #000000;\"><strong>r\u00e4umlich:&nbsp; &nbsp; &nbsp;<\/strong>f\u00fcr das Gebiet des Bundeslandes Vorarlberg<\/span><br \/>\n<span style=\"font-size: 14pt; color: #000000;\"><strong>fachlich<\/strong>:&nbsp; &nbsp; &nbsp; &nbsp;f\u00fcr alle land- und forstwirtschaftlichen Betriebe im Sinne des Landarbeitsgesetzes in seiner jeweils geltenden Fassung<\/span><br \/>\n<span style=\"font-size: 14pt; color: #000000;\"><strong>pers\u00f6nlich:<\/strong>&nbsp; f\u00fcr alle in der Land- und Forstwirtschaft besch\u00e4ftigten Dienstnehmer, auf deren Dienstverh\u00e4ltnis das Landarbeitsgesetz in seiner jeweils geltenden Fassung Anwendung findet<\/span><\/p>\n<p><span style=\"font-size: 14pt; color: #000000;\">\u00dcber unten angef\u00fchrte Kollektivvertr\u00e4ge erhalten Sie Ausk\u00fcnfte bei der Dienstnehmersektion der Landwirtschaftskammer Vorarlberg.<\/span><\/p>\n<\/div><\/div><div id=\"panel-7309-0-0-1\" class=\"so-panel widget widget_text\" data-index=\"1\" >\t\t\t<div class=\"textwidget\"><\/div>\n\t\t<\/div><div id=\"panel-7309-0-0-2\" class=\"so-panel widget widget_qt_brochure widget-brochure\" data-index=\"2\" ><div class=\"panel-widget-style panel-widget-style-for-7309-0-0-2\" >\n\t\t\t<a href=\"https:\/\/www.lak-vorarlberg.at\/wp-content\/uploads\/2025\/12\/2026_Begleitschreiben_Dienstnehmer-und-Dienstgeber.pdf\" class=\"brochure-box\" >\n\t\t\t\t\t\t\t\t\t<i class=\"fa fa-book-open\"><\/i>\n\t\t\t\t\t\t\t\t<span>Begleitschreiben zu Kollektivvertrags\u00e4nderungen 2026<\/span>\n\t\t\t<\/a>\n\t\t\t\t\n\t\t\t<\/div><\/div><div id=\"panel-7309-0-0-3\" class=\"so-panel widget widget_qt_brochure widget-brochure\" data-index=\"3\" ><div class=\"panel-widget-style panel-widget-style-for-7309-0-0-3\" >\n\t\t\t<a href=\"https:\/\/www.lak-vorarlberg.at\/wp-content\/uploads\/2025\/12\/2026_Allgemeiner_Teil.pdf\" class=\"brochure-box\" >\n\t\t\t\t\t\t\t\t\t<i class=\"fa fa-book-open\"><\/i>\n\t\t\t\t\t\t\t\t<span>Allgemeiner Teil des Kollektivvertrages f\u00fcr Arbeiter<\/span>\n\t\t\t<\/a>\n\t\t\t\t\n\t\t\t<\/div><\/div><div id=\"panel-7309-0-0-4\" class=\"so-panel widget widget_qt_brochure widget-brochure\" data-index=\"4\" ><div class=\"panel-widget-style panel-widget-style-for-7309-0-0-4\" >\n\t\t\t<a href=\"https:\/\/www.lak-vorarlberg.at\/wp-content\/uploads\/2025\/12\/2026_Kollektivvertrag_Gaertner.pdf\" class=\"brochure-box\" target=\"_blank\">\n\t\t\t\t\t\t\t\t\t<i class=\"fa fas fa-book-open\"><\/i>\n\t\t\t\t\t\t\t\t<span>Zusatzvereinbarungen f\u00fcr G\u00e4rtner<\/span>\n\t\t\t<\/a>\n\t\t\t\t\n\t\t\t<\/div><\/div><div id=\"panel-7309-0-0-5\" class=\"so-panel widget widget_qt_brochure widget-brochure\" data-index=\"5\" ><div class=\"panel-widget-style panel-widget-style-for-7309-0-0-5\" >\n\t\t\t<a href=\"https:\/\/www.lak-vorarlberg.at\/wp-content\/uploads\/2025\/12\/2026_Kollektivvertrag_Forstarbeiter.pdf\" class=\"brochure-box\" target=\"_blank\">\n\t\t\t\t\t\t\t\t\t<i class=\"fa fas fa-book-open\"><\/i>\n\t\t\t\t\t\t\t\t<span>Zusatzvereinbarungen f\u00fcr Forstarbeiter<\/span>\n\t\t\t<\/a>\n\t\t\t\t\n\t\t\t<\/div><\/div><div id=\"panel-7309-0-0-6\" class=\"so-panel widget widget_qt_brochure widget-brochure\" data-index=\"6\" ><div class=\"panel-widget-style panel-widget-style-for-7309-0-0-6\" >\n\t\t\t<a href=\"https:\/\/www.lak-vorarlberg.at\/wp-content\/uploads\/2025\/12\/2026_Kollektivvertrag_Landarbeiter.pdf\" class=\"brochure-box\" target=\"_blank\">\n\t\t\t\t\t\t\t\t\t<i class=\"fa fas fa-book-open\"><\/i>\n\t\t\t\t\t\t\t\t<span>Zusatzvereinbarungen f\u00fcr Landarbeiter <\/span>\n\t\t\t<\/a>\n\t\t\t\t\n\t\t\t<\/div><\/div><div id=\"panel-7309-0-0-7\" class=\"so-panel widget widget_qt_brochure widget-brochure\" data-index=\"7\" ><div class=\"panel-widget-style panel-widget-style-for-7309-0-0-7\" >\n\t\t\t<a href=\"https:\/\/www.lak-vorarlberg.at\/wp-content\/uploads\/2025\/12\/2026_Kollektivvertrag_Sennen.pdf\" class=\"brochure-box\" target=\"_blank\">\n\t\t\t\t\t\t\t\t\t<i class=\"fa fas fa-book-open\"><\/i>\n\t\t\t\t\t\t\t\t<span>Zusatzvereinbarungen f\u00fcr Sennen<\/span>\n\t\t\t<\/a>\n\t\t\t\t\n\t\t\t<\/div><\/div><div id=\"panel-7309-0-0-8\" class=\"so-panel widget widget_qt_brochure widget-brochure\" data-index=\"8\" ><div class=\"panel-widget-style panel-widget-style-for-7309-0-0-8\" >\n\t\t\t<a href=\"https:\/\/www.lak-vorarlberg.at\/wp-content\/uploads\/2025\/12\/2026_Kollektivvertrag_Gutsangestellte.pdf\" class=\"brochure-box\" target=\"_blank\">\n\t\t\t\t\t\t\t\t\t<i class=\"fa fas fa-book-open\"><\/i>\n\t\t\t\t\t\t\t\t<span>Kollektivvertrag f\u00fcr Angestellte in der Land- und Forstwirtschaft<\/span>\n\t\t\t<\/a>\n\t\t\t\t\n\t\t\t<\/div><\/div><div id=\"panel-7309-0-0-9\" class=\"so-panel widget widget_qt_brochure widget-brochure\" data-index=\"9\" ><div class=\"panel-widget-style panel-widget-style-for-7309-0-0-9\" >\n\t\t\t<a href=\"https:\/\/www.lak-vorarlberg.at\/wp-content\/uploads\/2025\/03\/2025-Kollektivvertrag-Jagdschutzorgane.pdf\" class=\"brochure-box\" target=\"_blank\">\n\t\t\t\t\t\t\t\t\t<i class=\"fa fas fa-book-open\"><\/i>\n\t\t\t\t\t\t\t\t<span>Kollektivvertrag f\u00fcr Jagdschutzorgane ab 1. April 2025 bis 31. M\u00e4rz 2026<\/span>\n\t\t\t<\/a>\n\t\t\t\t\n\t\t\t<\/div><\/div><div id=\"panel-7309-0-0-10\" class=\"so-panel widget widget_qt_brochure widget-brochure panel-last-child\" data-index=\"10\" ><div class=\"panel-widget-style panel-widget-style-for-7309-0-0-10\" >\n\t\t\t<a href=\"https:\/\/www.lak-vorarlberg.at\/wp-content\/uploads\/2026\/03\/2026_Begleitschreiben-zu-KV-JO.pdf\" class=\"brochure-box\" >\n\t\t\t\t\t\t\t\t\t<i class=\"fa fa-book-open\"><\/i>\n\t\t\t\t\t\t\t\t<span>Begleitschreiben zu Kollektivvertrags\u00e4nderungen der Jagdschutzorgane ab 1. April 2026<\/span>\n\t\t\t<\/a>\n\t\t\t\t\n\t\t\t<\/div><\/div><\/div><\/div><div id=\"pg-7309-1\"  class=\"panel-grid panel-no-style\" ><div id=\"pgc-7309-1-0\"  class=\"panel-grid-cell\" ><div id=\"panel-7309-1-0-0\" class=\"so-panel widget widget_qt_icon_box widget-icon-box panel-first-child panel-last-child\" data-index=\"11\" ><div class=\"text-center panel-widget-style panel-widget-style-for-7309-1-0-0\" >\t\t\t\t<a class=\"icon-box icon-big\" href=\"https:\/\/www.ris.bka.gv.at\/GeltendeFassung.wxe?Abfrage=Bundesnormen&#038;Gesetzesnummer=20011524\" target=\"_blank\">\n\t\t\t\t\t\t\t\t\t\t\t\t<i class=\"fa fa fa-book\"><\/i>\n\t\t\t\t\t\t\t\t\t\t\t\t\t<h6 class=\"title\">Landarbeitsgesetz (LAG) 2021<\/h6>\n\t\t\t\t\t\t\t\t\t\t\t<\/a>\n\n\t\t\t<\/div><\/div><\/div><div id=\"pgc-7309-1-1\"  class=\"panel-grid-cell\" ><div id=\"panel-7309-1-1-0\" class=\"so-panel widget widget_qt_icon_box widget-icon-box panel-first-child panel-last-child\" data-index=\"12\" ><div class=\"text-center panel-widget-style panel-widget-style-for-7309-1-1-0\" >\t\t\t\t<a class=\"icon-box icon-big\" href=\"https:\/\/finanzrechner.at\/brutto-netto-rechner\" target=\"_blank\">\n\t\t\t\t\t\t\t\t\t\t\t\t<i class=\"fa fa fa-eur\"><\/i>\n\t\t\t\t\t\t\t\t\t\t\t\t\t<h6 class=\"title\">Brutto-Netto Rechner<\/h6>\n\t\t\t\t\t\t\t\t\t\t\t<\/a>\n\n\t\t\t<\/div><\/div><\/div><\/div><\/div>","protected":false},"excerpt":{"rendered":"<p>Geltungsbereich: r\u00e4umlich:&nbsp; &nbsp; &nbsp;f\u00fcr das Gebiet des Bundeslandes Vorarlberg fachlich:&nbsp; &nbsp; &nbsp; &nbsp;f\u00fcr alle land- und forstwirtschaftlichen Betriebe im Sinne des Landarbeitsgesetzes in seiner jeweils geltenden Fassung pers\u00f6nlich:&nbsp; f\u00fcr alle in der Land- und Forstwirtschaft besch\u00e4ftigten Dienstnehmer, auf deren Dienstverh\u00e4ltnis das Landarbeitsgesetz in seiner jeweils geltenden Fassung Anwendung findet \u00dcber unten angef\u00fchrte Kollektivvertr\u00e4ge erhalten Sie [&hellip;]<\/p>\n","protected":false},"author":2,"featured_media":0,"parent":0,"menu_order":0,"comment_status":"closed","ping_status":"closed","template":"","meta":{"ngg_post_thumbnail":0,"footnotes":""},"class_list":["post-7309","page","type-page","status-publish","hentry"],"_links":{"self":[{"href":"https:\/\/www.lak-vorarlberg.at\/index.php\/wp-json\/wp\/v2\/pages\/7309","targetHints":{"allow":["GET"]}}],"collection":[{"href":"https:\/\/www.lak-vorarlberg.at\/index.php\/wp-json\/wp\/v2\/pages"}],"about":[{"href":"https:\/\/www.lak-vorarlberg.at\/index.php\/wp-json\/wp\/v2\/types\/page"}],"author":[{"embeddable":true,"href":"https:\/\/www.lak-vorarlberg.at\/index.php\/wp-json\/wp\/v2\/users\/2"}],"replies":[{"embeddable":true,"href":"https:\/\/www.lak-vorarlberg.at\/index.php\/wp-json\/wp\/v2\/comments?post=7309"}],"version-history":[{"count":366,"href":"https:\/\/www.lak-vorarlberg.at\/index.php\/wp-json\/wp\/v2\/pages\/7309\/revisions"}],"predecessor-version":[{"id":12786,"href":"https:\/\/www.lak-vorarlberg.at\/index.php\/wp-json\/wp\/v2\/pages\/7309\/revisions\/12786"}],"wp:attachment":[{"href":"https:\/\/www.lak-vorarlberg.at\/index.php\/wp-json\/wp\/v2\/media?parent=7309"}],"curies":[{"name":"wp","href":"https:\/\/api.w.org\/{rel}","templated":true}]}}